{"id":1725,"date":"2019-04-13T14:29:58","date_gmt":"2019-04-13T12:29:58","guid":{"rendered":"https:\/\/bastadt.jusosbamberg.de\/?page_id=1725"},"modified":"2024-02-29T15:10:36","modified_gmt":"2024-02-29T14:10:36","slug":"onepage","status":"publish","type":"page","link":"https:\/\/stadt.jusosbamberg.de\/","title":{"rendered":"Die Jusos Bamberg-Stadt"},"content":{"rendered":"\t\t<div data-elementor-type=\"wp-post\" data-elementor-id=\"1725\" class=\"elementor elementor-1725\">\n\t\t\t\t\t\t<section class=\"elementor-section elementor-top-section elementor-element elementor-element-91dee74 elementor-section-boxed elementor-section-height-default elementor-section-height-default\" data-id=\"91dee74\" data-element_type=\"section\" data-e-type=\"section\">\n\t\t\t\t\t\t<div class=\"elementor-container elementor-column-gap-default\">\n\t\t\t\t\t<div class=\"elementor-column elementor-col-100 elementor-top-column elementor-element elementor-element-3899111\" data-id=\"3899111\" data-element_type=\"column\" data-e-type=\"column\">\n\t\t\t<div class=\"elementor-widget-wrap elementor-element-populated\">\n\t\t\t\t\t\t<div class=\"elementor-element elementor-element-c6c1a63 elementor-widget elementor-widget-html\" data-id=\"c6c1a63\" data-element_type=\"widget\" data-e-type=\"widget\" id=\"wirjusos\" data-widget_type=\"html.default\">\n\t\t\t\t<div class=\"elementor-widget-container\">\n\t\t\t\t\t<meta name=\"description\" content=\"Wir sind die Jusos Bamberg Stadt - die linke Jugendorganisation in Bamberg. Du suchst Politische Diskussion und Aktionen - bei uns bist du richtig! Schau doch vorbei!\">\t\t\t\t<\/div>\n\t\t\t\t<\/div>\n\t\t\t\t<div class=\"elementor-element elementor-element-e03b564 elementor-widget elementor-widget-spacer\" data-id=\"e03b564\" data-element_type=\"widget\" data-e-type=\"widget\" data-widget_type=\"spacer.default\">\n\t\t\t\t<div class=\"elementor-widget-container\">\n\t\t\t\t\t\t\t<div class=\"elementor-spacer\">\n\t\t\t<div class=\"elementor-spacer-inner\"><\/div>\n\t\t<\/div>\n\t\t\t\t\t\t<\/div>\n\t\t\t\t<\/div>\n\t\t\t\t\t<\/div>\n\t\t<\/div>\n\t\t\t\t\t<\/div>\n\t\t<\/section>\n\t\t\t\t<section class=\"elementor-section elementor-top-section elementor-element elementor-element-3222c00 elementor-section-boxed elementor-section-height-default elementor-section-height-default\" data-id=\"3222c00\" data-element_type=\"section\" data-e-type=\"section\">\n\t\t\t\t\t\t<div class=\"elementor-container elementor-column-gap-default\">\n\t\t\t\t\t<div class=\"elementor-column elementor-col-100 elementor-top-column elementor-element elementor-element-a4cf58f\" data-id=\"a4cf58f\" data-element_type=\"column\" data-e-type=\"column\">\n\t\t\t<div class=\"elementor-widget-wrap elementor-element-populated\">\n\t\t\t\t\t\t<div class=\"elementor-element elementor-element-7953313 elementor-widget elementor-widget-heading\" data-id=\"7953313\" data-element_type=\"widget\" data-e-type=\"widget\" data-widget_type=\"heading.default\">\n\t\t\t\t<div class=\"elementor-widget-container\">\n\t\t\t\t\t<h1 class=\"elementor-heading-title elementor-size-default\">Die Jusos Bamberg-Stadt<\/h1>\t\t\t\t<\/div>\n\t\t\t\t<\/div>\n\t\t\t\t\t<\/div>\n\t\t<\/div>\n\t\t\t\t\t<\/div>\n\t\t<\/section>\n\t\t\t\t<section class=\"elementor-section elementor-top-section elementor-element elementor-element-0a5c2a1 elementor-section-boxed elementor-section-height-default elementor-section-height-default\" data-id=\"0a5c2a1\" data-element_type=\"section\" data-e-type=\"section\">\n\t\t\t\t\t\t<div class=\"elementor-container elementor-column-gap-default\">\n\t\t\t\t\t<div class=\"elementor-column elementor-col-100 elementor-top-column elementor-element elementor-element-10dab4f\" data-id=\"10dab4f\" data-element_type=\"column\" data-e-type=\"column\">\n\t\t\t<div class=\"elementor-widget-wrap elementor-element-populated\">\n\t\t\t\t\t\t<div class=\"elementor-element elementor-element-dbb7aeb elementor-widget elementor-widget-text-editor\" data-id=\"dbb7aeb\" data-element_type=\"widget\" data-e-type=\"widget\" data-widget_type=\"text-editor.default\">\n\t\t\t\t<div class=\"elementor-widget-container\">\n\t\t\t\t\t\t\t\t\t<p>Wir sind die Jugendorganisation der SPD in Bamberg. Wir treffen uns alle zwei Wochen Donnerstags im SPD-B\u00fcro. Wir diskutieren gemeinsam \u00fcber aktuelle politische Themen und planen gemeinsam Aktionen, um uns innerhalb der Partei, sowie nach au\u00dfen f\u00fcr ein progressiveres Bamberg einzusetzen. In letzter Zeit besch\u00e4ftigten wir uns vor allem gewerkschaftlichen Themen, dem Rechtsruck, eine nachhaltigere Stadt und mehr B\u00fcndnisarbeit. Jede*r ist herzlichst eingeladen, vorbei zu kommen und mitzudiskutieren. Um mehr \u00fcber uns zu erfahren schau doch auf unserer Instagram-Seite vorbei oder melde dich bei Fragen \u00fcber das Kontaktformular bei uns.<\/p>\t\t\t\t\t\t\t\t<\/div>\n\t\t\t\t<\/div>\n\t\t\t\t<div class=\"elementor-element elementor-element-130d799 elementor-shape-circle elementor-grid-0 e-grid-align-center elementor-widget elementor-widget-social-icons\" data-id=\"130d799\" data-element_type=\"widget\" data-e-type=\"widget\" data-widget_type=\"social-icons.default\">\n\t\t\t\t<div class=\"elementor-widget-container\">\n\t\t\t\t\t\t\t<div class=\"elementor-social-icons-wrapper elementor-grid\">\n\t\t\t\t\t\t\t<span class=\"elementor-grid-item\">\n\t\t\t\t\t<a class=\"elementor-icon elementor-social-icon elementor-social-icon-instagram elementor-repeater-item-3f0ab37\" href=\"https:\/\/www.instagram.com\/jusos_bamberg_stadt\/\" target=\"_blank\">\n\t\t\t\t\t\t<span class=\"elementor-screen-only\">Instagram<\/span>\n\t\t\t\t\t\t\t\t\t\t\t\t\t<i class=\"fa fa-instagram\" aria-hidden=\"true\"><\/i>\n\t\t\t\t\t\t\t\t\t\t\t<\/a>\n\t\t\t\t<\/span>\n\t\t\t\t\t<\/div>\n\t\t\t\t\t\t<\/div>\n\t\t\t\t<\/div>\n\t\t\t\t<div class=\"elementor-element elementor-element-19cb2df elementor-widget elementor-widget-spacer\" data-id=\"19cb2df\" data-element_type=\"widget\" data-e-type=\"widget\" data-widget_type=\"spacer.default\">\n\t\t\t\t<div class=\"elementor-widget-container\">\n\t\t\t\t\t\t\t<div class=\"elementor-spacer\">\n\t\t\t<div class=\"elementor-spacer-inner\"><\/div>\n\t\t<\/div>\n\t\t\t\t\t\t<\/div>\n\t\t\t\t<\/div>\n\t\t\t\t<div class=\"elementor-element elementor-element-d1300c8 elementor-widget elementor-widget-text-editor\" data-id=\"d1300c8\" data-element_type=\"widget\" data-e-type=\"widget\" data-widget_type=\"text-editor.default\">\n\t\t\t\t<div class=\"elementor-widget-container\">\n\t\t\t\t\t\t\t\t\t<p>Mehr Informationen zu den Jusos gibt es auf der Seite des Bundesverbandes: Dazu kannst du auf das Logo klicken.<\/p>\t\t\t\t\t\t\t\t<\/div>\n\t\t\t\t<\/div>\n\t\t\t\t<div class=\"elementor-element elementor-element-cefd081 elementor-widget elementor-widget-image\" data-id=\"cefd081\" data-element_type=\"widget\" data-e-type=\"widget\" data-widget_type=\"image.default\">\n\t\t\t\t<div class=\"elementor-widget-container\">\n\t\t\t\t\t\t\t\t\t\t\t\t\t\t\t\t<a href=\"http:\/\/jusos.de\">\n\t\t\t\t\t\t\t<img decoding=\"async\" width=\"300\" height=\"155\" src=\"https:\/\/i0.wp.com\/stadt.jusosbamberg.de\/wp-content\/uploads\/2019\/04\/Jusos_Logo_4c.svg_.png?fit=300%2C155&amp;ssl=1\" class=\"attachment-medium size-medium wp-image-1737\" alt=\"Logo der Jusos\" srcset=\"https:\/\/i0.wp.com\/stadt.jusosbamberg.de\/wp-content\/uploads\/2019\/04\/Jusos_Logo_4c.svg_.png?w=1280&amp;ssl=1 1280w, https:\/\/i0.wp.com\/stadt.jusosbamberg.de\/wp-content\/uploads\/2019\/04\/Jusos_Logo_4c.svg_.png?resize=300%2C155&amp;ssl=1 300w, https:\/\/i0.wp.com\/stadt.jusosbamberg.de\/wp-content\/uploads\/2019\/04\/Jusos_Logo_4c.svg_.png?resize=768%2C398&amp;ssl=1 768w, https:\/\/i0.wp.com\/stadt.jusosbamberg.de\/wp-content\/uploads\/2019\/04\/Jusos_Logo_4c.svg_.png?resize=1024%2C530&amp;ssl=1 1024w, https:\/\/i0.wp.com\/stadt.jusosbamberg.de\/wp-content\/uploads\/2019\/04\/Jusos_Logo_4c.svg_.png?resize=830%2C430&amp;ssl=1 830w, https:\/\/i0.wp.com\/stadt.jusosbamberg.de\/wp-content\/uploads\/2019\/04\/Jusos_Logo_4c.svg_.png?resize=230%2C119&amp;ssl=1 230w, https:\/\/i0.wp.com\/stadt.jusosbamberg.de\/wp-content\/uploads\/2019\/04\/Jusos_Logo_4c.svg_.png?resize=350%2C181&amp;ssl=1 350w, https:\/\/i0.wp.com\/stadt.jusosbamberg.de\/wp-content\/uploads\/2019\/04\/Jusos_Logo_4c.svg_.png?resize=480%2C249&amp;ssl=1 480w\" sizes=\"(max-width: 300px) 100vw, 300px\" \/>\t\t\t\t\t\t\t\t<\/a>\n\t\t\t\t\t\t\t\t\t\t\t\t\t\t\t<\/div>\n\t\t\t\t<\/div>\n\t\t\t\t<div class=\"elementor-element elementor-element-02d323f elementor-widget elementor-widget-spacer\" data-id=\"02d323f\" data-element_type=\"widget\" data-e-type=\"widget\" data-widget_type=\"spacer.default\">\n\t\t\t\t<div class=\"elementor-widget-container\">\n\t\t\t\t\t\t\t<div class=\"elementor-spacer\">\n\t\t\t<div class=\"elementor-spacer-inner\"><\/div>\n\t\t<\/div>\n\t\t\t\t\t\t<\/div>\n\t\t\t\t<\/div>\n\t\t\t\t\t<\/div>\n\t\t<\/div>\n\t\t\t\t\t<\/div>\n\t\t<\/section>\n\t\t\t\t<section class=\"elementor-section elementor-top-section elementor-element elementor-element-4c1394e elementor-section-boxed elementor-section-height-default elementor-section-height-default\" data-id=\"4c1394e\" data-element_type=\"section\" data-e-type=\"section\">\n\t\t\t\t\t\t<div class=\"elementor-container elementor-column-gap-default\">\n\t\t\t\t\t<div class=\"elementor-column elementor-col-100 elementor-top-column elementor-element elementor-element-414155a\" data-id=\"414155a\" data-element_type=\"column\" data-e-type=\"column\">\n\t\t\t<div class=\"elementor-widget-wrap elementor-element-populated\">\n\t\t\t\t\t\t<div class=\"elementor-element elementor-element-c83b889 elementor-widget elementor-widget-menu-anchor\" data-id=\"c83b889\" data-element_type=\"widget\" data-e-type=\"widget\" data-widget_type=\"menu-anchor.default\">\n\t\t\t\t<div class=\"elementor-widget-container\">\n\t\t\t\t\t\t\t<div class=\"elementor-menu-anchor\" id=\"team\"><\/div>\n\t\t\t\t\t\t<\/div>\n\t\t\t\t<\/div>\n\t\t\t\t<div class=\"elementor-element elementor-element-8098a5c elementor-widget elementor-widget-heading\" data-id=\"8098a5c\" data-element_type=\"widget\" data-e-type=\"widget\" data-widget_type=\"heading.default\">\n\t\t\t\t<div class=\"elementor-widget-container\">\n\t\t\t\t\t<h2 class=\"elementor-heading-title elementor-size-default\">Vorstand<\/h2>\t\t\t\t<\/div>\n\t\t\t\t<\/div>\n\t\t\t\t<div class=\"elementor-element elementor-element-ca4d345 elementor-widget elementor-widget-image\" data-id=\"ca4d345\" data-element_type=\"widget\" data-e-type=\"widget\" data-widget_type=\"image.default\">\n\t\t\t\t<div class=\"elementor-widget-container\">\n\t\t\t\t\t\t\t\t\t\t\t\t<figure class=\"wp-caption\">\n\t\t\t\t\t\t\t\t\t\t<img fetchpriority=\"high\" decoding=\"async\" width=\"1024\" height=\"1024\" src=\"https:\/\/i0.wp.com\/stadt.jusosbamberg.de\/wp-content\/uploads\/2024\/02\/Vorstand.jpeg?fit=1024%2C1024&amp;ssl=1\" class=\"attachment-large size-large wp-image-1861\" alt=\"\" srcset=\"https:\/\/i0.wp.com\/stadt.jusosbamberg.de\/wp-content\/uploads\/2024\/02\/Vorstand.jpeg?w=1080&amp;ssl=1 1080w, https:\/\/i0.wp.com\/stadt.jusosbamberg.de\/wp-content\/uploads\/2024\/02\/Vorstand.jpeg?resize=300%2C300&amp;ssl=1 300w, https:\/\/i0.wp.com\/stadt.jusosbamberg.de\/wp-content\/uploads\/2024\/02\/Vorstand.jpeg?resize=1024%2C1024&amp;ssl=1 1024w, https:\/\/i0.wp.com\/stadt.jusosbamberg.de\/wp-content\/uploads\/2024\/02\/Vorstand.jpeg?resize=150%2C150&amp;ssl=1 150w, https:\/\/i0.wp.com\/stadt.jusosbamberg.de\/wp-content\/uploads\/2024\/02\/Vorstand.jpeg?resize=768%2C768&amp;ssl=1 768w, https:\/\/i0.wp.com\/stadt.jusosbamberg.de\/wp-content\/uploads\/2024\/02\/Vorstand.jpeg?resize=1000%2C1000&amp;ssl=1 1000w, https:\/\/i0.wp.com\/stadt.jusosbamberg.de\/wp-content\/uploads\/2024\/02\/Vorstand.jpeg?resize=230%2C230&amp;ssl=1 230w, https:\/\/i0.wp.com\/stadt.jusosbamberg.de\/wp-content\/uploads\/2024\/02\/Vorstand.jpeg?resize=350%2C350&amp;ssl=1 350w, https:\/\/i0.wp.com\/stadt.jusosbamberg.de\/wp-content\/uploads\/2024\/02\/Vorstand.jpeg?resize=480%2C480&amp;ssl=1 480w\" sizes=\"(max-width: 1024px) 100vw, 1024px\" \/>\t\t\t\t\t\t\t\t\t\t\t<figcaption class=\"widget-image-caption wp-caption-text\">Von links nach rechts: Timo Schmelz, Julie Noe, Benjamin Kerber &amp; Simon Wehner (es fehlt Lina)<\/figcaption>\n\t\t\t\t\t\t\t\t\t\t<\/figure>\n\t\t\t\t\t\t\t\t\t<\/div>\n\t\t\t\t<\/div>\n\t\t\t\t\t<\/div>\n\t\t<\/div>\n\t\t\t\t\t<\/div>\n\t\t<\/section>\n\t\t\t\t<section class=\"elementor-section elementor-top-section elementor-element elementor-element-5518ed6 elementor-section-boxed elementor-section-height-default elementor-section-height-default\" data-id=\"5518ed6\" data-element_type=\"section\" data-e-type=\"section\">\n\t\t\t\t\t\t<div class=\"elementor-container elementor-column-gap-default\">\n\t\t\t\t\t<div class=\"elementor-column elementor-col-100 elementor-top-column elementor-element elementor-element-35ef5fb\" data-id=\"35ef5fb\" data-element_type=\"column\" data-e-type=\"column\">\n\t\t\t<div class=\"elementor-widget-wrap elementor-element-populated\">\n\t\t\t\t\t\t<section class=\"elementor-section elementor-inner-section elementor-element elementor-element-bd2b192 elementor-section-boxed elementor-section-height-default elementor-section-height-default\" data-id=\"bd2b192\" data-element_type=\"section\" data-e-type=\"section\">\n\t\t\t\t\t\t<div class=\"elementor-container elementor-column-gap-default\">\n\t\t\t\t\t<div class=\"elementor-column elementor-col-33 elementor-inner-column elementor-element elementor-element-d39c9d9\" data-id=\"d39c9d9\" data-element_type=\"column\" data-e-type=\"column\">\n\t\t\t<div class=\"elementor-widget-wrap elementor-element-populated\">\n\t\t\t\t\t\t<div class=\"elementor-element elementor-element-a1c08a4 elementor-widget elementor-widget-text-editor\" data-id=\"a1c08a4\" data-element_type=\"widget\" data-e-type=\"widget\" data-widget_type=\"text-editor.default\">\n\t\t\t\t<div class=\"elementor-widget-container\">\n\t\t\t\t\t\t\t\t\t<p><b>Vorsitzender<\/b><\/p>\t\t\t\t\t\t\t\t<\/div>\n\t\t\t\t<\/div>\n\t\t\t\t\t<\/div>\n\t\t<\/div>\n\t\t\t\t<div class=\"elementor-column elementor-col-66 elementor-inner-column elementor-element elementor-element-e079646\" data-id=\"e079646\" data-element_type=\"column\" data-e-type=\"column\">\n\t\t\t<div class=\"elementor-widget-wrap elementor-element-populated\">\n\t\t\t\t\t\t<div class=\"elementor-element elementor-element-9882bbe elementor-widget elementor-widget-text-editor\" data-id=\"9882bbe\" data-element_type=\"widget\" data-e-type=\"widget\" data-widget_type=\"text-editor.default\">\n\t\t\t\t<div class=\"elementor-widget-container\">\n\t\t\t\t\t\t\t\t\t<p>Timo Schmelz<\/p>\t\t\t\t\t\t\t\t<\/div>\n\t\t\t\t<\/div>\n\t\t\t\t\t<\/div>\n\t\t<\/div>\n\t\t\t\t\t<\/div>\n\t\t<\/section>\n\t\t\t\t<section class=\"elementor-section elementor-inner-section elementor-element elementor-element-1d9da36 elementor-section-boxed elementor-section-height-default elementor-section-height-default\" data-id=\"1d9da36\" data-element_type=\"section\" data-e-type=\"section\">\n\t\t\t\t\t\t<div class=\"elementor-container elementor-column-gap-default\">\n\t\t\t\t\t<div class=\"elementor-column elementor-col-33 elementor-inner-column elementor-element elementor-element-d3c3506\" data-id=\"d3c3506\" data-element_type=\"column\" data-e-type=\"column\">\n\t\t\t<div class=\"elementor-widget-wrap elementor-element-populated\">\n\t\t\t\t\t\t<div class=\"elementor-element elementor-element-ca39fd7 elementor-widget elementor-widget-text-editor\" data-id=\"ca39fd7\" data-element_type=\"widget\" data-e-type=\"widget\" data-widget_type=\"text-editor.default\">\n\t\t\t\t<div class=\"elementor-widget-container\">\n\t\t\t\t\t\t\t\t\t<p><b>Stellvertreter*innen<\/b><\/p>\t\t\t\t\t\t\t\t<\/div>\n\t\t\t\t<\/div>\n\t\t\t\t\t<\/div>\n\t\t<\/div>\n\t\t\t\t<div class=\"elementor-column elementor-col-66 elementor-inner-column elementor-element elementor-element-6db6293\" data-id=\"6db6293\" data-element_type=\"column\" data-e-type=\"column\">\n\t\t\t<div class=\"elementor-widget-wrap elementor-element-populated\">\n\t\t\t\t\t\t<div class=\"elementor-element elementor-element-e32b31a elementor-widget elementor-widget-text-editor\" data-id=\"e32b31a\" data-element_type=\"widget\" data-e-type=\"widget\" data-widget_type=\"text-editor.default\">\n\t\t\t\t<div class=\"elementor-widget-container\">\n\t\t\t\t\t\t\t\t\t<p>Julie Noe, Lina, Simon Wehner &amp; Benjamin Kerber<\/p>\t\t\t\t\t\t\t\t<\/div>\n\t\t\t\t<\/div>\n\t\t\t\t\t<\/div>\n\t\t<\/div>\n\t\t\t\t\t<\/div>\n\t\t<\/section>\n\t\t\t\t\t<\/div>\n\t\t<\/div>\n\t\t\t\t\t<\/div>\n\t\t<\/section>\n\t\t\t\t<section class=\"elementor-section elementor-top-section elementor-element elementor-element-5cd45b8 elementor-section-boxed elementor-section-height-default elementor-section-height-default\" data-id=\"5cd45b8\" data-element_type=\"section\" data-e-type=\"section\">\n\t\t\t\t\t\t<div class=\"elementor-container elementor-column-gap-default\">\n\t\t\t\t\t<div class=\"elementor-column elementor-col-100 elementor-top-column elementor-element elementor-element-99774e5\" data-id=\"99774e5\" data-element_type=\"column\" data-e-type=\"column\">\n\t\t\t<div class=\"elementor-widget-wrap elementor-element-populated\">\n\t\t\t\t\t\t<div class=\"elementor-element elementor-element-014a924 elementor-widget elementor-widget-spacer\" data-id=\"014a924\" data-element_type=\"widget\" data-e-type=\"widget\" data-widget_type=\"spacer.default\">\n\t\t\t\t<div class=\"elementor-widget-container\">\n\t\t\t\t\t\t\t<div class=\"elementor-spacer\">\n\t\t\t<div class=\"elementor-spacer-inner\"><\/div>\n\t\t<\/div>\n\t\t\t\t\t\t<\/div>\n\t\t\t\t<\/div>\n\t\t\t\t<div class=\"elementor-element elementor-element-87d5220 elementor-widget elementor-widget-menu-anchor\" data-id=\"87d5220\" data-element_type=\"widget\" data-e-type=\"widget\" data-widget_type=\"menu-anchor.default\">\n\t\t\t\t<div class=\"elementor-widget-container\">\n\t\t\t\t\t\t\t<div class=\"elementor-menu-anchor\" id=\"mitmachen\"><\/div>\n\t\t\t\t\t\t<\/div>\n\t\t\t\t<\/div>\n\t\t\t\t<div class=\"elementor-element elementor-element-55bcd67 elementor-widget elementor-widget-heading\" data-id=\"55bcd67\" data-element_type=\"widget\" data-e-type=\"widget\" data-widget_type=\"heading.default\">\n\t\t\t\t<div class=\"elementor-widget-container\">\n\t\t\t\t\t<h2 class=\"elementor-heading-title elementor-size-default\">Mitmachen<\/h2>\t\t\t\t<\/div>\n\t\t\t\t<\/div>\n\t\t\t\t<div class=\"elementor-element elementor-element-86da576 elementor-widget elementor-widget-text-editor\" data-id=\"86da576\" data-element_type=\"widget\" data-e-type=\"widget\" data-widget_type=\"text-editor.default\">\n\t\t\t\t<div class=\"elementor-widget-container\">\n\t\t\t\t\t\t\t\t\t<p>Du willst Politik nicht nur &#8222;denen da oben&#8220; \u00fcberlassen?<\/p><p>Du willst eine gerechte Gesellschaft?<\/p><p>Du f\u00fchlst dich dem demokratischen Sozialismus hingezogen?<\/p><p>Dann kannst du einfach zu unseren Treffen kommen, egal ob Mitglied oder nicht. Daf\u00fcr kannst du dich \u00fcber das Kontaktformular einfach bei uns melden.<\/p><p>Wenn du dir danach oder jetzt schon sicher bist, dass du bei den Jusos oder gleich auch in der SPD-Mitglied werden m\u00f6chtest kannst du online eintreten. Dazu kannst du einfach auf die Kleckse klicken und kommst zum entsprechenden Formular<\/p>\t\t\t\t\t\t\t\t<\/div>\n\t\t\t\t<\/div>\n\t\t\t\t<section class=\"elementor-section elementor-inner-section elementor-element elementor-element-5957d57 elementor-section-boxed elementor-section-height-default elementor-section-height-default\" data-id=\"5957d57\" data-element_type=\"section\" data-e-type=\"section\">\n\t\t\t\t\t\t<div class=\"elementor-container elementor-column-gap-default\">\n\t\t\t\t\t<div class=\"elementor-column elementor-col-50 elementor-inner-column elementor-element elementor-element-c8eb70a\" data-id=\"c8eb70a\" data-element_type=\"column\" data-e-type=\"column\">\n\t\t\t<div class=\"elementor-widget-wrap elementor-element-populated\">\n\t\t\t\t\t\t<div class=\"elementor-element elementor-element-d52a541 elementor-widget elementor-widget-image\" data-id=\"d52a541\" data-element_type=\"widget\" data-e-type=\"widget\" data-widget_type=\"image.default\">\n\t\t\t\t<div class=\"elementor-widget-container\">\n\t\t\t\t\t\t\t\t\t\t\t\t\t\t\t\t<a href=\"https:\/\/www.spd.de\/unterstuetzen\/mitglied-werden\/\">\n\t\t\t\t\t\t\t<img decoding=\"async\" width=\"669\" height=\"635\" src=\"https:\/\/i0.wp.com\/stadt.jusosbamberg.de\/wp-content\/uploads\/2019\/04\/klecks_SPD.png?fit=669%2C635&amp;ssl=1\" class=\"attachment-large size-large wp-image-1749\" alt=\"Werde SPD Mitglied\" srcset=\"https:\/\/i0.wp.com\/stadt.jusosbamberg.de\/wp-content\/uploads\/2019\/04\/klecks_SPD.png?w=669&amp;ssl=1 669w, https:\/\/i0.wp.com\/stadt.jusosbamberg.de\/wp-content\/uploads\/2019\/04\/klecks_SPD.png?resize=300%2C285&amp;ssl=1 300w, https:\/\/i0.wp.com\/stadt.jusosbamberg.de\/wp-content\/uploads\/2019\/04\/klecks_SPD.png?resize=230%2C218&amp;ssl=1 230w, https:\/\/i0.wp.com\/stadt.jusosbamberg.de\/wp-content\/uploads\/2019\/04\/klecks_SPD.png?resize=350%2C332&amp;ssl=1 350w, https:\/\/i0.wp.com\/stadt.jusosbamberg.de\/wp-content\/uploads\/2019\/04\/klecks_SPD.png?resize=480%2C456&amp;ssl=1 480w\" sizes=\"(max-width: 669px) 100vw, 669px\" \/>\t\t\t\t\t\t\t\t<\/a>\n\t\t\t\t\t\t\t\t\t\t\t\t\t\t\t<\/div>\n\t\t\t\t<\/div>\n\t\t\t\t\t<\/div>\n\t\t<\/div>\n\t\t\t\t<div class=\"elementor-column elementor-col-50 elementor-inner-column elementor-element elementor-element-364a3c0\" data-id=\"364a3c0\" data-element_type=\"column\" data-e-type=\"column\">\n\t\t\t<div class=\"elementor-widget-wrap elementor-element-populated\">\n\t\t\t\t\t\t<div class=\"elementor-element elementor-element-cfd057b elementor-widget elementor-widget-image\" data-id=\"cfd057b\" data-element_type=\"widget\" data-e-type=\"widget\" data-widget_type=\"image.default\">\n\t\t\t\t<div class=\"elementor-widget-container\">\n\t\t\t\t\t\t\t\t\t\t\t\t\t\t\t\t<a href=\"https:\/\/www.jusos.de\/wir-jusos\/mitmachen\/\">\n\t\t\t\t\t\t\t<img loading=\"lazy\" decoding=\"async\" width=\"766\" height=\"736\" src=\"https:\/\/i0.wp.com\/stadt.jusosbamberg.de\/wp-content\/uploads\/2019\/04\/klecks_Juso.png?fit=766%2C736&amp;ssl=1\" class=\"attachment-large size-large wp-image-1748\" alt=\"Werde Mitglied der Jusos\" srcset=\"https:\/\/i0.wp.com\/stadt.jusosbamberg.de\/wp-content\/uploads\/2019\/04\/klecks_Juso.png?w=766&amp;ssl=1 766w, https:\/\/i0.wp.com\/stadt.jusosbamberg.de\/wp-content\/uploads\/2019\/04\/klecks_Juso.png?resize=300%2C288&amp;ssl=1 300w, https:\/\/i0.wp.com\/stadt.jusosbamberg.de\/wp-content\/uploads\/2019\/04\/klecks_Juso.png?resize=230%2C221&amp;ssl=1 230w, https:\/\/i0.wp.com\/stadt.jusosbamberg.de\/wp-content\/uploads\/2019\/04\/klecks_Juso.png?resize=350%2C336&amp;ssl=1 350w, https:\/\/i0.wp.com\/stadt.jusosbamberg.de\/wp-content\/uploads\/2019\/04\/klecks_Juso.png?resize=480%2C461&amp;ssl=1 480w\" sizes=\"(max-width: 766px) 100vw, 766px\" \/>\t\t\t\t\t\t\t\t<\/a>\n\t\t\t\t\t\t\t\t\t\t\t\t\t\t\t<\/div>\n\t\t\t\t<\/div>\n\t\t\t\t\t<\/div>\n\t\t<\/div>\n\t\t\t\t\t<\/div>\n\t\t<\/section>\n\t\t\t\t<div class=\"elementor-element elementor-element-ee48a0c elementor-widget elementor-widget-spacer\" data-id=\"ee48a0c\" data-element_type=\"widget\" data-e-type=\"widget\" data-widget_type=\"spacer.default\">\n\t\t\t\t<div class=\"elementor-widget-container\">\n\t\t\t\t\t\t\t<div class=\"elementor-spacer\">\n\t\t\t<div class=\"elementor-spacer-inner\"><\/div>\n\t\t<\/div>\n\t\t\t\t\t\t<\/div>\n\t\t\t\t<\/div>\n\t\t\t\t\t<\/div>\n\t\t<\/div>\n\t\t\t\t\t<\/div>\n\t\t<\/section>\n\t\t\t\t<section class=\"elementor-section elementor-top-section elementor-element elementor-element-4a5396a elementor-section-boxed elementor-section-height-default elementor-section-height-default\" data-id=\"4a5396a\" data-element_type=\"section\" data-e-type=\"section\">\n\t\t\t\t\t\t<div class=\"elementor-container elementor-column-gap-default\">\n\t\t\t\t\t<div class=\"elementor-column elementor-col-100 elementor-top-column elementor-element elementor-element-5b97771\" data-id=\"5b97771\" data-element_type=\"column\" data-e-type=\"column\">\n\t\t\t<div class=\"elementor-widget-wrap elementor-element-populated\">\n\t\t\t\t\t\t<div class=\"elementor-element elementor-element-5d23d60 elementor-widget elementor-widget-menu-anchor\" data-id=\"5d23d60\" data-element_type=\"widget\" data-e-type=\"widget\" data-widget_type=\"menu-anchor.default\">\n\t\t\t\t<div class=\"elementor-widget-container\">\n\t\t\t\t\t\t\t<div class=\"elementor-menu-anchor\" id=\"kontakt\"><\/div>\n\t\t\t\t\t\t<\/div>\n\t\t\t\t<\/div>\n\t\t\t\t<div class=\"elementor-element elementor-element-5ba1605 elementor-widget elementor-widget-heading\" data-id=\"5ba1605\" data-element_type=\"widget\" data-e-type=\"widget\" data-widget_type=\"heading.default\">\n\t\t\t\t<div class=\"elementor-widget-container\">\n\t\t\t\t\t<h2 class=\"elementor-heading-title elementor-size-default\">Du m\u00f6chtest bei uns mitmachen oder uns eine Anfrage zu kommen lassen? Dann melde dich gerne bei uns<br>\nE-Mail: jusos@spd-bamberg-stadt.de   <\/h2>\t\t\t\t<\/div>\n\t\t\t\t<\/div>\n\t\t\t\t<div class=\"elementor-element elementor-element-9f94a36 elementor-widget elementor-widget-spacer\" data-id=\"9f94a36\" data-element_type=\"widget\" data-e-type=\"widget\" data-widget_type=\"spacer.default\">\n\t\t\t\t<div class=\"elementor-widget-container\">\n\t\t\t\t\t\t\t<div class=\"elementor-spacer\">\n\t\t\t<div class=\"elementor-spacer-inner\"><\/div>\n\t\t<\/div>\n\t\t\t\t\t\t<\/div>\n\t\t\t\t<\/div>\n\t\t\t\t<div class=\"elementor-element elementor-element-ecf9cd9 elementor-widget elementor-widget-menu-anchor\" data-id=\"ecf9cd9\" data-element_type=\"widget\" data-e-type=\"widget\" data-widget_type=\"menu-anchor.default\">\n\t\t\t\t<div class=\"elementor-widget-container\">\n\t\t\t\t\t\t\t<div class=\"elementor-menu-anchor\" id=\"termine\"><\/div>\n\t\t\t\t\t\t<\/div>\n\t\t\t\t<\/div>\n\t\t\t\t<div class=\"elementor-element elementor-element-d7a59ad elementor-widget elementor-widget-heading\" data-id=\"d7a59ad\" data-element_type=\"widget\" data-e-type=\"widget\" data-widget_type=\"heading.default\">\n\t\t\t\t<div class=\"elementor-widget-container\">\n\t\t\t\t\t<h2 class=\"elementor-heading-title elementor-size-default\">JUSO-Hochschulgruppe Bamberg<br><br>Du studierst an der Universit\u00e4t in Bamberg? <br>Dann schau gerne bei der uns nahen Hochschulgruppe vorbei. Du erreichst sie per Mail (jusohsgbamberg@gmail.com) oder \u00fcber Instagram:<\/h2>\t\t\t\t<\/div>\n\t\t\t\t<\/div>\n\t\t\t\t<div class=\"elementor-element elementor-element-f438217 elementor-shape-circle elementor-grid-0 e-grid-align-center elementor-widget elementor-widget-social-icons\" data-id=\"f438217\" data-element_type=\"widget\" data-e-type=\"widget\" data-widget_type=\"social-icons.default\">\n\t\t\t\t<div class=\"elementor-widget-container\">\n\t\t\t\t\t\t\t<div class=\"elementor-social-icons-wrapper elementor-grid\">\n\t\t\t\t\t\t\t<span class=\"elementor-grid-item\">\n\t\t\t\t\t<a class=\"elementor-icon elementor-social-icon elementor-social-icon-instagram elementor-repeater-item-3f0ab37\" href=\"https:\/\/www.instagram.com\/jusohsgbamberg\/?hl=de\" target=\"_blank\">\n\t\t\t\t\t\t<span class=\"elementor-screen-only\">Instagram<\/span>\n\t\t\t\t\t\t\t\t\t\t\t\t\t<i class=\"fa fa-instagram\" aria-hidden=\"true\"><\/i>\n\t\t\t\t\t\t\t\t\t\t\t<\/a>\n\t\t\t\t<\/span>\n\t\t\t\t\t<\/div>\n\t\t\t\t\t\t<\/div>\n\t\t\t\t<\/div>\n\t\t\t\t\t<\/div>\n\t\t<\/div>\n\t\t\t\t\t<\/div>\n\t\t<\/section>\n\t\t\t\t<\/div>\n\t\t","protected":false},"excerpt":{"rendered":"<p>Die Jusos Bamberg-Stadt Wir sind die Jugendorganisation der SPD in Bamberg. Wir treffen uns alle zwei Wochen Donnerstags im SPD-B\u00fcro. Wir diskutieren [&hellip;]<\/p>\n","protected":false},"author":1,"featured_media":0,"parent":0,"menu_order":0,"comment_status":"closed","ping_status":"closed","template":"page-templates\/page_front-page.php","meta":{"_mc_calendar":[],"footnotes":""},"class_list":["post-1725","page","type-page","status-publish","hentry"],"jetpack_sharing_enabled":true,"_links":{"self":[{"href":"https:\/\/stadt.jusosbamberg.de\/index.php?rest_route=\/wp\/v2\/pages\/1725","targetHints":{"allow":["GET"]}}],"collection":[{"href":"https:\/\/stadt.jusosbamberg.de\/index.php?rest_route=\/wp\/v2\/pages"}],"about":[{"href":"https:\/\/stadt.jusosbamberg.de\/index.php?rest_route=\/wp\/v2\/types\/page"}],"author":[{"embeddable":true,"href":"https:\/\/stadt.jusosbamberg.de\/index.php?rest_route=\/wp\/v2\/users\/1"}],"replies":[{"embeddable":true,"href":"https:\/\/stadt.jusosbamberg.de\/index.php?rest_route=%2Fwp%2Fv2%2Fcomments&post=1725"}],"version-history":[{"count":70,"href":"https:\/\/stadt.jusosbamberg.de\/index.php?rest_route=\/wp\/v2\/pages\/1725\/revisions"}],"predecessor-version":[{"id":1891,"href":"https:\/\/stadt.jusosbamberg.de\/index.php?rest_route=\/wp\/v2\/pages\/1725\/revisions\/1891"}],"wp:attachment":[{"href":"https:\/\/stadt.jusosbamberg.de\/index.php?rest_route=%2Fwp%2Fv2%2Fmedia&parent=1725"}],"curies":[{"name":"wp","href":"https:\/\/api.w.org\/{rel}","templated":true}]}}